{"id":3263,"date":"2019-04-30T15:43:04","date_gmt":"2019-04-30T15:43:04","guid":{"rendered":"https:\/\/aplimedia.com\/tutoriales\/?page_id=3263"},"modified":"2025-10-30T14:13:10","modified_gmt":"2025-10-30T14:13:10","slug":"calendario-laboral","status":"publish","type":"page","link":"https:\/\/aplimedia.com\/tutoriales\/varios\/calendario-laboral\/","title":{"rendered":"Calendario laboral"},"content":{"rendered":"\t\t<div data-elementor-type=\"wp-post\" data-elementor-id=\"3263\" class=\"elementor elementor-3263\" data-elementor-post-type=\"page\">\n\t\t\t\t\t\t<section class=\"elementor-section elementor-top-section elementor-element elementor-element-7b0335fc elementor-section-stretched elementor-section-boxed elementor-section-height-default elementor-section-height-default\" data-id=\"7b0335fc\" data-element_type=\"section\" data-e-type=\"section\" data-settings=\"{&quot;stretch_section&quot;:&quot;section-stretched&quot;}\">\n\t\t\t\t\t\t<div class=\"elementor-container elementor-column-gap-default\">\n\t\t\t\t\t<div class=\"elementor-column elementor-col-100 elementor-top-column elementor-element elementor-element-14c7cb05\" data-id=\"14c7cb05\" data-element_type=\"column\" data-e-type=\"column\">\n\t\t\t<div class=\"elementor-widget-wrap elementor-element-populated\">\n\t\t\t\t\t\t<div class=\"elementor-element elementor-element-8ca78a5 elementor-widget elementor-widget-text-editor\" data-id=\"8ca78a5\" data-element_type=\"widget\" data-e-type=\"widget\" data-widget_type=\"text-editor.default\">\n\t\t\t\t<div class=\"elementor-widget-container\">\n\t\t\t\t\t\t\t\t\t<p>Secre te permite crear calendarios laboral y asign\u00e1rselos a tus empleados. Podr\u00e1s ir marcando posteriormente sus d\u00edas de vacaciones para llevar un control y tambi\u00e9n imprimirlo o enviarlo para entreg\u00e1rselo.<\/p>\t\t\t\t\t\t\t\t<\/div>\n\t\t\t\t<\/div>\n\t\t\t\t<div class=\"elementor-element elementor-element-6cbeae48 elementor-widget elementor-widget-spacer\" data-id=\"6cbeae48\" data-element_type=\"widget\" data-e-type=\"widget\" data-widget_type=\"spacer.default\">\n\t\t\t\t<div class=\"elementor-widget-container\">\n\t\t\t\t\t\t\t<div class=\"elementor-spacer\">\n\t\t\t<div class=\"elementor-spacer-inner\"><\/div>\n\t\t<\/div>\n\t\t\t\t\t\t<\/div>\n\t\t\t\t<\/div>\n\t\t\t\t<div class=\"elementor-element elementor-element-76aeae31 elementor-widget elementor-widget-heading\" data-id=\"76aeae31\" data-element_type=\"widget\" data-e-type=\"widget\" data-widget_type=\"heading.default\">\n\t\t\t\t<div class=\"elementor-widget-container\">\n\t\t\t\t\t<h2 class=\"elementor-heading-title elementor-size-default\">Crear un calendario tipo:<\/h2>\t\t\t\t<\/div>\n\t\t\t\t<\/div>\n\t\t\t\t<div class=\"elementor-element elementor-element-297a851a elementor-widget elementor-widget-text-editor\" data-id=\"297a851a\" data-element_type=\"widget\" data-e-type=\"widget\" data-widget_type=\"text-editor.default\">\n\t\t\t\t<div class=\"elementor-widget-container\">\n\t\t\t\t\t\t\t\t\t<p>El primer paso es crear un calendario tipo que luego asignaremos a todos los trabajadores.\u00a0<\/p><p>Para hacerlo, desde la pantalla principal de Secre, iremos a <strong>Herramientas&gt;Par\u00e1metros y valores por defecto<\/strong> y, despu\u00e9s, iremos a la pesta\u00f1a<strong> Otras opciones<\/strong>. Dentro de esta pesta\u00f1a, pincha en <strong>Calendario Laboral<\/strong>, en la parte inferior.<\/p>\t\t\t\t\t\t\t\t<\/div>\n\t\t\t\t<\/div>\n\t\t\t\t<section class=\"elementor-section elementor-inner-section elementor-element elementor-element-98c5120 elementor-section-boxed elementor-section-height-default elementor-section-height-default\" data-id=\"98c5120\" data-element_type=\"section\" data-e-type=\"section\">\n\t\t\t\t\t\t<div class=\"elementor-container elementor-column-gap-default\">\n\t\t\t\t\t<div class=\"elementor-column elementor-col-100 elementor-inner-column elementor-element elementor-element-3dc7b87\" data-id=\"3dc7b87\" data-element_type=\"column\" data-e-type=\"column\">\n\t\t\t<div class=\"elementor-widget-wrap elementor-element-populated\">\n\t\t\t\t\t\t<div class=\"elementor-element elementor-element-543fd36f elementor-widget elementor-widget-image\" data-id=\"543fd36f\" data-element_type=\"widget\" data-e-type=\"widget\" data-widget_type=\"image.default\">\n\t\t\t\t<div class=\"elementor-widget-container\">\n\t\t\t\t\t\t\t\t\t\t\t\t\t\t\t\t<a href=\"https:\/\/aplimedia.com\/tutoriales\/wp-content\/uploads\/2023\/02\/1.gif\" data-elementor-open-lightbox=\"yes\" data-elementor-lightbox-title=\"1\" data-e-action-hash=\"#elementor-action%3Aaction%3Dlightbox%26settings%3DeyJpZCI6NTg4NywidXJsIjoiaHR0cHM6XC9cL2FwbGltZWRpYS5jb21cL3R1dG9yaWFsZXNcL3dwLWNvbnRlbnRcL3VwbG9hZHNcLzIwMjNcLzAyXC8xLmdpZiJ9\">\n\t\t\t\t\t\t\t<img fetchpriority=\"high\" decoding=\"async\" width=\"1911\" height=\"992\" src=\"https:\/\/aplimedia.com\/tutoriales\/wp-content\/uploads\/2023\/02\/1.gif\" class=\"attachment-full size-full wp-image-5887\" alt=\"\" \/>\t\t\t\t\t\t\t\t<\/a>\n\t\t\t\t\t\t\t\t\t\t\t\t\t\t\t<\/div>\n\t\t\t\t<\/div>\n\t\t\t\t\t<\/div>\n\t\t<\/div>\n\t\t\t\t\t<\/div>\n\t\t<\/section>\n\t\t\t\t<div class=\"elementor-element elementor-element-349dcd55 elementor-widget elementor-widget-spacer\" data-id=\"349dcd55\" data-element_type=\"widget\" data-e-type=\"widget\" data-widget_type=\"spacer.default\">\n\t\t\t\t<div class=\"elementor-widget-container\">\n\t\t\t\t\t\t\t<div class=\"elementor-spacer\">\n\t\t\t<div class=\"elementor-spacer-inner\"><\/div>\n\t\t<\/div>\n\t\t\t\t\t\t<\/div>\n\t\t\t\t<\/div>\n\t\t\t\t<div class=\"elementor-element elementor-element-ca55795 elementor-widget elementor-widget-text-editor\" data-id=\"ca55795\" data-element_type=\"widget\" data-e-type=\"widget\" data-widget_type=\"text-editor.default\">\n\t\t\t\t<div class=\"elementor-widget-container\">\n\t\t\t\t\t\t\t\t\t<p>Para crear un nuevo\u00a0 calendario ve a <strong>Calendario&gt;Nuevo<\/strong>, as\u00edgnale un<strong> nombre y un a\u00f1o<\/strong> y despu\u00e9s gu\u00e1rdalo desde <strong>Calendario&gt;Guardar:<\/strong><\/p>\t\t\t\t\t\t\t\t<\/div>\n\t\t\t\t<\/div>\n\t\t\t\t<div class=\"elementor-element elementor-element-3ce7ad1 elementor-widget elementor-widget-image\" data-id=\"3ce7ad1\" data-element_type=\"widget\" data-e-type=\"widget\" data-widget_type=\"image.default\">\n\t\t\t\t<div class=\"elementor-widget-container\">\n\t\t\t\t\t\t\t\t\t\t\t\t\t\t\t\t<a href=\"https:\/\/aplimedia.com\/tutoriales\/wp-content\/uploads\/2019\/04\/calendariolaboral3.gif\" data-elementor-open-lightbox=\"yes\" data-elementor-lightbox-title=\"calendariolaboral3\" data-e-action-hash=\"#elementor-action%3Aaction%3Dlightbox%26settings%3DeyJpZCI6MzI2NiwidXJsIjoiaHR0cHM6XC9cL2FwbGltZWRpYS5jb21cL3R1dG9yaWFsZXNcL3dwLWNvbnRlbnRcL3VwbG9hZHNcLzIwMTlcLzA0XC9jYWxlbmRhcmlvbGFib3JhbDMuZ2lmIn0%3D\">\n\t\t\t\t\t\t\t<img decoding=\"async\" width=\"919\" height=\"734\" src=\"https:\/\/aplimedia.com\/tutoriales\/wp-content\/uploads\/2019\/04\/calendariolaboral3.gif\" class=\"attachment-full size-full wp-image-3266\" alt=\"\" \/>\t\t\t\t\t\t\t\t<\/a>\n\t\t\t\t\t\t\t\t\t\t\t\t\t\t\t<\/div>\n\t\t\t\t<\/div>\n\t\t\t\t<div class=\"elementor-element elementor-element-f34e357 elementor-widget elementor-widget-text-editor\" data-id=\"f34e357\" data-element_type=\"widget\" data-e-type=\"widget\" data-widget_type=\"text-editor.default\">\n\t\t\t\t<div class=\"elementor-widget-container\">\n\t\t\t\t\t\t\t\t\t<p>Lo m\u00e1s habitual es <strong>empezar marcando los d\u00edas festivos<\/strong>. Para ello hacemos doble click sobre el d\u00eda en cuesti\u00f3n y se nos abrir\u00e1 una ventana. Marcamos \u00ab<strong>Marcar como Festivo<\/strong>\u00bb y aceptamos. El d\u00eda quedar\u00e1 marcado en rosa, que es el color que indica los d\u00edas festivos.<\/p>\t\t\t\t\t\t\t\t<\/div>\n\t\t\t\t<\/div>\n\t\t\t\t<div class=\"elementor-element elementor-element-4ee71f0 elementor-widget elementor-widget-image\" data-id=\"4ee71f0\" data-element_type=\"widget\" data-e-type=\"widget\" data-widget_type=\"image.default\">\n\t\t\t\t<div class=\"elementor-widget-container\">\n\t\t\t\t\t\t\t\t\t\t\t\t\t\t\t\t<a href=\"https:\/\/aplimedia.com\/tutoriales\/wp-content\/uploads\/2019\/04\/calendariolaboral4.gif\" data-elementor-open-lightbox=\"yes\" data-elementor-lightbox-title=\"calendariolaboral4\" data-e-action-hash=\"#elementor-action%3Aaction%3Dlightbox%26settings%3DeyJpZCI6MzI2NywidXJsIjoiaHR0cHM6XC9cL2FwbGltZWRpYS5jb21cL3R1dG9yaWFsZXNcL3dwLWNvbnRlbnRcL3VwbG9hZHNcLzIwMTlcLzA0XC9jYWxlbmRhcmlvbGFib3JhbDQuZ2lmIn0%3D\">\n\t\t\t\t\t\t\t<img decoding=\"async\" width=\"919\" height=\"734\" src=\"https:\/\/aplimedia.com\/tutoriales\/wp-content\/uploads\/2019\/04\/calendariolaboral4.gif\" class=\"attachment-full size-full wp-image-3267\" alt=\"\" \/>\t\t\t\t\t\t\t\t<\/a>\n\t\t\t\t\t\t\t\t\t\t\t\t\t\t\t<\/div>\n\t\t\t\t<\/div>\n\t\t\t\t<div class=\"elementor-element elementor-element-f447d88 elementor-widget elementor-widget-text-editor\" data-id=\"f447d88\" data-element_type=\"widget\" data-e-type=\"widget\" data-widget_type=\"text-editor.default\">\n\t\t\t\t<div class=\"elementor-widget-container\">\n\t\t\t\t\t\t\t\t\t<p>Si se diera el caso de que en tu empresa hay un <b>periodo de vacaciones<\/b> obligatorias, tambi\u00e9n podr\u00edamos indicarlos ahora.\u00a0<\/p><p>En este caso, como queremos escoger un periodo de fechas, para no ir uno a uno, podemos seleccionar varios d\u00edas al mismo tiempo con la opci\u00f3n del men\u00fa <b>Seleccionar Fechas<\/b>. Escogemos el intervalo de fechas que nos interese y, en este caso, lo dejamos como est\u00e1 porque queremos seleccionar todos menos los fines de semana y los d\u00edas que ya tenemos marcados como festivos. Aceptamos y ya estar\u00edan marcados, hacemos click en <b>Cambiar datos <\/b>en el men\u00fa superior para indicar que se trata de d\u00edas vacacionales:<\/p>\t\t\t\t\t\t\t\t<\/div>\n\t\t\t\t<\/div>\n\t\t\t\t<div class=\"elementor-element elementor-element-1927239 elementor-widget elementor-widget-image\" data-id=\"1927239\" data-element_type=\"widget\" data-e-type=\"widget\" data-widget_type=\"image.default\">\n\t\t\t\t<div class=\"elementor-widget-container\">\n\t\t\t\t\t\t\t\t\t\t\t\t\t\t\t\t<a href=\"https:\/\/aplimedia.com\/tutoriales\/wp-content\/uploads\/2019\/04\/calendariolaboral5.gif\" data-elementor-open-lightbox=\"yes\" data-elementor-lightbox-title=\"calendariolaboral5\" data-e-action-hash=\"#elementor-action%3Aaction%3Dlightbox%26settings%3DeyJpZCI6MzI2OCwidXJsIjoiaHR0cHM6XC9cL2FwbGltZWRpYS5jb21cL3R1dG9yaWFsZXNcL3dwLWNvbnRlbnRcL3VwbG9hZHNcLzIwMTlcLzA0XC9jYWxlbmRhcmlvbGFib3JhbDUuZ2lmIn0%3D\">\n\t\t\t\t\t\t\t<img loading=\"lazy\" decoding=\"async\" width=\"919\" height=\"734\" src=\"https:\/\/aplimedia.com\/tutoriales\/wp-content\/uploads\/2019\/04\/calendariolaboral5.gif\" class=\"attachment-full size-full wp-image-3268\" alt=\"\" \/>\t\t\t\t\t\t\t\t<\/a>\n\t\t\t\t\t\t\t\t\t\t\t\t\t\t\t<\/div>\n\t\t\t\t<\/div>\n\t\t\t\t<div class=\"elementor-element elementor-element-d94abe2 elementor-widget elementor-widget-text-editor\" data-id=\"d94abe2\" data-element_type=\"widget\" data-e-type=\"widget\" data-widget_type=\"text-editor.default\">\n\t\t\t\t<div class=\"elementor-widget-container\">\n\t\t\t\t\t\t\t\t\t<p>Ahora vamos a marcar las <strong>horas de trabajo que corresponden<\/strong> a cada d\u00eda. De nuevo, queremos hacer el cambio de forma masiva, as\u00ed que vamos otra vez a <em>Seleccionar fechas<\/em> pero esta vez, en el intervalo de fechas, ponemos todo el a\u00f1o, del 1 de enero al 31 de diciembre. Aceptamos y, otra vez, vamos a Cambiar datos. Esta vez vamos a introducir las horas a trabajar cada d\u00eda y a escoger la opci\u00f3n <b>Marcar como d\u00eda normal<\/b>:<\/p>\t\t\t\t\t\t\t\t<\/div>\n\t\t\t\t<\/div>\n\t\t\t\t<div class=\"elementor-element elementor-element-d18fb68 elementor-widget elementor-widget-image\" data-id=\"d18fb68\" data-element_type=\"widget\" data-e-type=\"widget\" data-widget_type=\"image.default\">\n\t\t\t\t<div class=\"elementor-widget-container\">\n\t\t\t\t\t\t\t\t\t\t\t\t\t\t\t\t<a href=\"https:\/\/aplimedia.com\/tutoriales\/wp-content\/uploads\/2019\/04\/calendariolaboral6.gif\" data-elementor-open-lightbox=\"yes\" data-elementor-lightbox-title=\"calendariolaboral6\" data-e-action-hash=\"#elementor-action%3Aaction%3Dlightbox%26settings%3DeyJpZCI6MzI2OSwidXJsIjoiaHR0cHM6XC9cL2FwbGltZWRpYS5jb21cL3R1dG9yaWFsZXNcL3dwLWNvbnRlbnRcL3VwbG9hZHNcLzIwMTlcLzA0XC9jYWxlbmRhcmlvbGFib3JhbDYuZ2lmIn0%3D\">\n\t\t\t\t\t\t\t<img loading=\"lazy\" decoding=\"async\" width=\"919\" height=\"734\" src=\"https:\/\/aplimedia.com\/tutoriales\/wp-content\/uploads\/2019\/04\/calendariolaboral6.gif\" class=\"attachment-full size-full wp-image-3269\" alt=\"\" \/>\t\t\t\t\t\t\t\t<\/a>\n\t\t\t\t\t\t\t\t\t\t\t\t\t\t\t<\/div>\n\t\t\t\t<\/div>\n\t\t\t\t<div class=\"elementor-element elementor-element-4cea5c9 elementor-widget elementor-widget-text-editor\" data-id=\"4cea5c9\" data-element_type=\"widget\" data-e-type=\"widget\" data-widget_type=\"text-editor.default\">\n\t\t\t\t<div class=\"elementor-widget-container\">\n\t\t\t\t\t\t\t\t\t<p>Pero adem\u00e1s vamos a suponer que en mi empresa los viernes en lugar de trabajar 8 horas se trabajan 6 y media. Para introducirlo vamos de nuevo a Seleccionar fechas e introducimos de nuevo del 1 de enero al 31 de diciembre, pero esta vez escogemos la opci\u00f3n \u00ab<strong>Marcar s\u00f3lo los viernes<\/strong>\u00ab.\u00a0 Aceptamos y vamos a <strong>Cambiar datos<\/strong>, donde introduciremos 6,5 horas a realizar y \u00abMarcar como d\u00eda normal\u00bb.\u00a0<\/p>\t\t\t\t\t\t\t\t<\/div>\n\t\t\t\t<\/div>\n\t\t\t\t<div class=\"elementor-element elementor-element-9a4254a elementor-widget elementor-widget-image\" data-id=\"9a4254a\" data-element_type=\"widget\" data-e-type=\"widget\" data-widget_type=\"image.default\">\n\t\t\t\t<div class=\"elementor-widget-container\">\n\t\t\t\t\t\t\t\t\t\t\t\t\t\t\t\t<a href=\"https:\/\/aplimedia.com\/tutoriales\/wp-content\/uploads\/2019\/04\/calendariolaboral7.gif\" data-elementor-open-lightbox=\"yes\" data-elementor-lightbox-title=\"calendariolaboral7\" data-e-action-hash=\"#elementor-action%3Aaction%3Dlightbox%26settings%3DeyJpZCI6MzI3MCwidXJsIjoiaHR0cHM6XC9cL2FwbGltZWRpYS5jb21cL3R1dG9yaWFsZXNcL3dwLWNvbnRlbnRcL3VwbG9hZHNcLzIwMTlcLzA0XC9jYWxlbmRhcmlvbGFib3JhbDcuZ2lmIn0%3D\">\n\t\t\t\t\t\t\t<img loading=\"lazy\" decoding=\"async\" width=\"919\" height=\"734\" src=\"https:\/\/aplimedia.com\/tutoriales\/wp-content\/uploads\/2019\/04\/calendariolaboral7.gif\" class=\"attachment-full size-full wp-image-3270\" alt=\"\" \/>\t\t\t\t\t\t\t\t<\/a>\n\t\t\t\t\t\t\t\t\t\t\t\t\t\t\t<\/div>\n\t\t\t\t<\/div>\n\t\t\t\t<div class=\"elementor-element elementor-element-63a6e36 elementor-widget elementor-widget-text-editor\" data-id=\"63a6e36\" data-element_type=\"widget\" data-e-type=\"widget\" data-widget_type=\"text-editor.default\">\n\t\t\t\t<div class=\"elementor-widget-container\">\n\t\t\t\t\t\t\t\t\t<p>Con estos pasos ya tendr\u00edamos un calendario laboral creado. No olvides <strong>guardarlo<\/strong> en <strong>Calendario&gt;Guardar<\/strong>.<\/p><p>Puedes crear todos los que quieras siguiendo estos mismos pasos, si es que tienes empleados que trabajan con calendarios distintos.<\/p>\t\t\t\t\t\t\t\t<\/div>\n\t\t\t\t<\/div>\n\t\t\t\t<div class=\"elementor-element elementor-element-43ff06d elementor-widget elementor-widget-spacer\" data-id=\"43ff06d\" data-element_type=\"widget\" data-e-type=\"widget\" data-widget_type=\"spacer.default\">\n\t\t\t\t<div class=\"elementor-widget-container\">\n\t\t\t\t\t\t\t<div class=\"elementor-spacer\">\n\t\t\t<div class=\"elementor-spacer-inner\"><\/div>\n\t\t<\/div>\n\t\t\t\t\t\t<\/div>\n\t\t\t\t<\/div>\n\t\t\t\t<div class=\"elementor-element elementor-element-ec3eb19 elementor-widget elementor-widget-heading\" data-id=\"ec3eb19\" data-element_type=\"widget\" data-e-type=\"widget\" data-widget_type=\"heading.default\">\n\t\t\t\t<div class=\"elementor-widget-container\">\n\t\t\t\t\t<h2 class=\"elementor-heading-title elementor-size-default\">Asignar un calendario a un empleado:<\/h2>\t\t\t\t<\/div>\n\t\t\t\t<\/div>\n\t\t\t\t<div class=\"elementor-element elementor-element-b9f46a2 elementor-widget elementor-widget-text-editor\" data-id=\"b9f46a2\" data-element_type=\"widget\" data-e-type=\"widget\" data-widget_type=\"text-editor.default\">\n\t\t\t\t<div class=\"elementor-widget-container\">\n\t\t\t\t\t\t\t\t\t<p>Ahora que ya hemos creado el calendario tipo podemos asignarle a los empleados ese calendario para ir a\u00f1adi\u00e9ndole sus d\u00edas festivos y para poder entreg\u00e1rselo. Si tienes otros calendarios laborales, por ejemplo, de otros empleados, tambi\u00e9n puedes copiarlos.<\/p>\n<p>Para ello, desde la pantalla principal del programa vamos a <strong>Herramientas&gt;Tablas Auxiliares<\/strong>, y luego vamos a&nbsp; <strong>Empleados<\/strong>.&nbsp;<\/p><p>Seleccionamos el empleado que corresponda y hacemos clic en el bot\u00f3n&nbsp;<strong>C. Laboral<\/strong>.<\/p>\t\t\t\t\t\t\t\t<\/div>\n\t\t\t\t<\/div>\n\t\t\t\t<div class=\"elementor-element elementor-element-49f60c0 elementor-widget elementor-widget-image\" data-id=\"49f60c0\" data-element_type=\"widget\" data-e-type=\"widget\" data-widget_type=\"image.default\">\n\t\t\t\t<div class=\"elementor-widget-container\">\n\t\t\t\t\t\t\t\t\t\t\t\t\t\t\t\t<a href=\"https:\/\/aplimedia.com\/tutoriales\/wp-content\/uploads\/2019\/04\/calendariolaboral8.gif\" data-elementor-open-lightbox=\"yes\" data-elementor-lightbox-title=\"calendariolaboral8\" data-e-action-hash=\"#elementor-action%3Aaction%3Dlightbox%26settings%3DeyJpZCI6MzI3MSwidXJsIjoiaHR0cHM6XC9cL2FwbGltZWRpYS5jb21cL3R1dG9yaWFsZXNcL3dwLWNvbnRlbnRcL3VwbG9hZHNcLzIwMTlcLzA0XC9jYWxlbmRhcmlvbGFib3JhbDguZ2lmIn0%3D\">\n\t\t\t\t\t\t\t<img loading=\"lazy\" decoding=\"async\" width=\"1905\" height=\"926\" src=\"https:\/\/aplimedia.com\/tutoriales\/wp-content\/uploads\/2019\/04\/calendariolaboral8.gif\" class=\"attachment-full size-full wp-image-3271\" alt=\"\" \/>\t\t\t\t\t\t\t\t<\/a>\n\t\t\t\t\t\t\t\t\t\t\t\t\t\t\t<\/div>\n\t\t\t\t<\/div>\n\t\t\t\t<div class=\"elementor-element elementor-element-1dcc991 elementor-widget elementor-widget-text-editor\" data-id=\"1dcc991\" data-element_type=\"widget\" data-e-type=\"widget\" data-widget_type=\"text-editor.default\">\n\t\t\t\t<div class=\"elementor-widget-container\">\n\t\t\t\t\t\t\t\t\t<p>Para crear su calendario a partir del calendario tipo que acabamos de crear, vamos a <b>Calendario&gt;Nuevo<\/b>, y luego, del desplegable de la derecha, \u00ab<b>Copiar<\/b>\u00ab, lo escogemos. Ahora ve a <b>Calendario&gt;Guardar<\/b> y entonces ya podr\u00e1s dar a <b>Ok <\/b>en el desplegable y se te cargar\u00e1 el calendario laboral creado. Como ves tambi\u00e9n podr\u00edamos escoger de calendarios laborales de otros empleados:<\/p>\t\t\t\t\t\t\t\t<\/div>\n\t\t\t\t<\/div>\n\t\t\t\t<div class=\"elementor-element elementor-element-9cd953d elementor-widget elementor-widget-image\" data-id=\"9cd953d\" data-element_type=\"widget\" data-e-type=\"widget\" data-widget_type=\"image.default\">\n\t\t\t\t<div class=\"elementor-widget-container\">\n\t\t\t\t\t\t\t\t\t\t\t\t\t\t\t\t<a href=\"https:\/\/aplimedia.com\/tutoriales\/wp-content\/uploads\/2019\/04\/calendariolaboral9.gif\" data-elementor-open-lightbox=\"yes\" data-elementor-lightbox-title=\"calendariolaboral9\" data-e-action-hash=\"#elementor-action%3Aaction%3Dlightbox%26settings%3DeyJpZCI6MzI3MiwidXJsIjoiaHR0cHM6XC9cL2FwbGltZWRpYS5jb21cL3R1dG9yaWFsZXNcL3dwLWNvbnRlbnRcL3VwbG9hZHNcLzIwMTlcLzA0XC9jYWxlbmRhcmlvbGFib3JhbDkuZ2lmIn0%3D\">\n\t\t\t\t\t\t\t<img loading=\"lazy\" decoding=\"async\" width=\"915\" height=\"740\" src=\"https:\/\/aplimedia.com\/tutoriales\/wp-content\/uploads\/2019\/04\/calendariolaboral9.gif\" class=\"attachment-full size-full wp-image-3272\" alt=\"\" \/>\t\t\t\t\t\t\t\t<\/a>\n\t\t\t\t\t\t\t\t\t\t\t\t\t\t\t<\/div>\n\t\t\t\t<\/div>\n\t\t\t\t<div class=\"elementor-element elementor-element-de2e6b1 elementor-widget elementor-widget-text-editor\" data-id=\"de2e6b1\" data-element_type=\"widget\" data-e-type=\"widget\" data-widget_type=\"text-editor.default\">\n\t\t\t\t<div class=\"elementor-widget-container\">\n\t\t\t\t\t\t\t\t\t<p>El funcionamiento de este calendario es exactamente el mismo que el que hemos creado en un principio, as\u00ed que podr\u00edas incluso crear desde cero cada calendario de cada empleado.\u00a0<\/p><p>Pero lo m\u00e1s habitual es que simplemente vayas a\u00f1adiendo los <b>d\u00edas de vacaciones o de ausencias <\/b>por cualquier otro motivo, para lo cual solo har\u00edamos doble clic en el d\u00eda correspondiente (o usar\u00edamos la opci\u00f3n de Seleccionar fechas y Cambiar datos) y pondr\u00edamos las horas y el tipo de d\u00eda que toque en cada caso:<\/p>\t\t\t\t\t\t\t\t<\/div>\n\t\t\t\t<\/div>\n\t\t\t\t<div class=\"elementor-element elementor-element-9578950 elementor-widget elementor-widget-image\" data-id=\"9578950\" data-element_type=\"widget\" data-e-type=\"widget\" data-widget_type=\"image.default\">\n\t\t\t\t<div class=\"elementor-widget-container\">\n\t\t\t\t\t\t\t\t\t\t\t\t\t\t\t\t<a href=\"https:\/\/aplimedia.com\/tutoriales\/wp-content\/uploads\/2019\/04\/calendariolaboral10.gif\" data-elementor-open-lightbox=\"yes\" data-elementor-lightbox-title=\"calendariolaboral10\" data-e-action-hash=\"#elementor-action%3Aaction%3Dlightbox%26settings%3DeyJpZCI6MzI3MywidXJsIjoiaHR0cHM6XC9cL2FwbGltZWRpYS5jb21cL3R1dG9yaWFsZXNcL3dwLWNvbnRlbnRcL3VwbG9hZHNcLzIwMTlcLzA0XC9jYWxlbmRhcmlvbGFib3JhbDEwLmdpZiJ9\">\n\t\t\t\t\t\t\t<img loading=\"lazy\" decoding=\"async\" width=\"915\" height=\"740\" src=\"https:\/\/aplimedia.com\/tutoriales\/wp-content\/uploads\/2019\/04\/calendariolaboral10.gif\" class=\"attachment-full size-full wp-image-3273\" alt=\"\" \/>\t\t\t\t\t\t\t\t<\/a>\n\t\t\t\t\t\t\t\t\t\t\t\t\t\t\t<\/div>\n\t\t\t\t<\/div>\n\t\t\t\t<div class=\"elementor-element elementor-element-7183c1b elementor-widget elementor-widget-text-editor\" data-id=\"7183c1b\" data-element_type=\"widget\" data-e-type=\"widget\" data-widget_type=\"text-editor.default\">\n\t\t\t\t<div class=\"elementor-widget-container\">\n\t\t\t\t\t\t\t\t\t<p>Estos son los pasos para crear y modificar calendarios y para copiar un calendario tipo a un empleado.\u00a0<\/p><p>Como ves, en la<b> parte inferior del calendario nos muestra datos informativos<\/b> relativos a las horas trabajadas y previstas, as\u00ed como relativos a los d\u00edas festivos, de vacaciones, de huelga, etc..<\/p><p>Adem\u00e1s, si lo deseas podr\u00edas <b>imprimir o enviar por e-mail un informe con el calendario<\/b> laboral de cada trabajador, bien en la versi\u00f3n para el propio trabajador, bien en una versi\u00f3n para la empres que mostrar\u00e1 otros datos de inter\u00e9s. Estos calendarios puedes imprimirlos desde el men\u00fa <b>Imprimir<\/b>:<\/p>\t\t\t\t\t\t\t\t<\/div>\n\t\t\t\t<\/div>\n\t\t\t\t<div class=\"elementor-element elementor-element-7443eb5 elementor-widget elementor-widget-image\" data-id=\"7443eb5\" data-element_type=\"widget\" data-e-type=\"widget\" data-widget_type=\"image.default\">\n\t\t\t\t<div class=\"elementor-widget-container\">\n\t\t\t\t\t\t\t\t\t\t\t\t\t\t\t\t<a href=\"https:\/\/aplimedia.com\/tutoriales\/wp-content\/uploads\/2019\/04\/Calendariolaboral1.jpg\" data-elementor-open-lightbox=\"yes\" data-elementor-lightbox-title=\"Calendariolaboral1\" data-e-action-hash=\"#elementor-action%3Aaction%3Dlightbox%26settings%3DeyJpZCI6MzI3NSwidXJsIjoiaHR0cHM6XC9cL2FwbGltZWRpYS5jb21cL3R1dG9yaWFsZXNcL3dwLWNvbnRlbnRcL3VwbG9hZHNcLzIwMTlcLzA0XC9DYWxlbmRhcmlvbGFib3JhbDEuanBnIn0%3D\">\n\t\t\t\t\t\t\t<img loading=\"lazy\" decoding=\"async\" width=\"930\" height=\"737\" src=\"https:\/\/aplimedia.com\/tutoriales\/wp-content\/uploads\/2019\/04\/Calendariolaboral1.jpg\" class=\"attachment-full size-full wp-image-3275\" alt=\"\" srcset=\"https:\/\/aplimedia.com\/tutoriales\/wp-content\/uploads\/2019\/04\/Calendariolaboral1.jpg 930w, https:\/\/aplimedia.com\/tutoriales\/wp-content\/uploads\/2019\/04\/Calendariolaboral1-300x238.jpg 300w, https:\/\/aplimedia.com\/tutoriales\/wp-content\/uploads\/2019\/04\/Calendariolaboral1-768x609.jpg 768w\" sizes=\"(max-width: 930px) 100vw, 930px\" \/>\t\t\t\t\t\t\t\t<\/a>\n\t\t\t\t\t\t\t\t\t\t\t\t\t\t\t<\/div>\n\t\t\t\t<\/div>\n\t\t\t\t<div class=\"elementor-element elementor-element-25f81517 elementor-widget elementor-widget-spacer\" data-id=\"25f81517\" data-element_type=\"widget\" data-e-type=\"widget\" data-widget_type=\"spacer.default\">\n\t\t\t\t<div class=\"elementor-widget-container\">\n\t\t\t\t\t\t\t<div class=\"elementor-spacer\">\n\t\t\t<div class=\"elementor-spacer-inner\"><\/div>\n\t\t<\/div>\n\t\t\t\t\t\t<\/div>\n\t\t\t\t<\/div>\n\t\t\t\t\t<\/div>\n\t\t<\/div>\n\t\t\t\t\t<\/div>\n\t\t<\/section>\n\t\t\t\t<\/div>\n\t\t","protected":false},"excerpt":{"rendered":"<p>Secre te permite crear calendarios laboral y asign\u00e1rselos a tus empleados. Podr\u00e1s ir marcando posteriormente sus d\u00edas de vacaciones para llevar un control y tambi\u00e9n imprimirlo o enviarlo para entreg\u00e1rselo. Crear un calendario tipo: El primer paso es crear un calendario tipo que luego asignaremos a todos los trabajadores.\u00a0 Para hacerlo, desde la pantalla principal [&hellip;]<\/p>\n","protected":false},"author":1,"featured_media":0,"parent":1189,"menu_order":0,"comment_status":"closed","ping_status":"closed","template":"","meta":{"footnotes":""},"class_list":["post-3263","page","type-page","status-publish","hentry"],"yoast_head":"<!-- This site is optimized with the Yoast SEO plugin v27.5 - https:\/\/yoast.com\/product\/yoast-seo-wordpress\/ -->\n<title>Calendario laboral | Tutoriales de Secre<\/title>\n<meta name=\"robots\" content=\"index, follow, max-snippet:-1, max-image-preview:large, max-video-preview:-1\" \/>\n<link rel=\"canonical\" href=\"https:\/\/aplimedia.com\/tutoriales\/varios\/calendario-laboral\/\" \/>\n<meta property=\"og:locale\" content=\"es_ES\" \/>\n<meta property=\"og:type\" content=\"article\" \/>\n<meta property=\"og:title\" content=\"Calendario laboral | Tutoriales de Secre\" \/>\n<meta property=\"og:description\" content=\"Secre te permite crear calendarios laboral y asign\u00e1rselos a tus empleados. Podr\u00e1s ir marcando posteriormente sus d\u00edas de vacaciones para llevar un control y tambi\u00e9n imprimirlo o enviarlo para entreg\u00e1rselo. Crear un calendario tipo: El primer paso es crear un calendario tipo que luego asignaremos a todos los trabajadores.\u00a0 Para hacerlo, desde la pantalla principal [&hellip;]\" \/>\n<meta property=\"og:url\" content=\"https:\/\/aplimedia.com\/tutoriales\/varios\/calendario-laboral\/\" \/>\n<meta property=\"og:site_name\" content=\"Tutoriales de Secre\" \/>\n<meta property=\"article:modified_time\" content=\"2025-10-30T14:13:10+00:00\" \/>\n<meta property=\"og:image\" content=\"https:\/\/aplimedia.com\/tutoriales\/wp-content\/uploads\/2023\/02\/1.gif\" \/>\n\t<meta property=\"og:image:width\" content=\"1911\" \/>\n\t<meta property=\"og:image:height\" content=\"992\" \/>\n\t<meta property=\"og:image:type\" content=\"image\/gif\" \/>\n<meta name=\"twitter:card\" content=\"summary_large_image\" \/>\n<meta name=\"twitter:label1\" content=\"Tiempo de lectura\" \/>\n\t<meta name=\"twitter:data1\" content=\"6 minutos\" \/>\n<script type=\"application\/ld+json\" class=\"yoast-schema-graph\">{\"@context\":\"https:\\\/\\\/schema.org\",\"@graph\":[{\"@type\":\"WebPage\",\"@id\":\"https:\\\/\\\/aplimedia.com\\\/tutoriales\\\/varios\\\/calendario-laboral\\\/\",\"url\":\"https:\\\/\\\/aplimedia.com\\\/tutoriales\\\/varios\\\/calendario-laboral\\\/\",\"name\":\"Calendario laboral | Tutoriales de Secre\",\"isPartOf\":{\"@id\":\"https:\\\/\\\/aplimedia.com\\\/tutoriales\\\/#website\"},\"primaryImageOfPage\":{\"@id\":\"https:\\\/\\\/aplimedia.com\\\/tutoriales\\\/varios\\\/calendario-laboral\\\/#primaryimage\"},\"image\":{\"@id\":\"https:\\\/\\\/aplimedia.com\\\/tutoriales\\\/varios\\\/calendario-laboral\\\/#primaryimage\"},\"thumbnailUrl\":\"https:\\\/\\\/aplimedia.com\\\/tutoriales\\\/wp-content\\\/uploads\\\/2023\\\/02\\\/1.gif\",\"datePublished\":\"2019-04-30T15:43:04+00:00\",\"dateModified\":\"2025-10-30T14:13:10+00:00\",\"breadcrumb\":{\"@id\":\"https:\\\/\\\/aplimedia.com\\\/tutoriales\\\/varios\\\/calendario-laboral\\\/#breadcrumb\"},\"inLanguage\":\"es\",\"potentialAction\":[{\"@type\":\"ReadAction\",\"target\":[\"https:\\\/\\\/aplimedia.com\\\/tutoriales\\\/varios\\\/calendario-laboral\\\/\"]}]},{\"@type\":\"ImageObject\",\"inLanguage\":\"es\",\"@id\":\"https:\\\/\\\/aplimedia.com\\\/tutoriales\\\/varios\\\/calendario-laboral\\\/#primaryimage\",\"url\":\"https:\\\/\\\/aplimedia.com\\\/tutoriales\\\/wp-content\\\/uploads\\\/2023\\\/02\\\/1.gif\",\"contentUrl\":\"https:\\\/\\\/aplimedia.com\\\/tutoriales\\\/wp-content\\\/uploads\\\/2023\\\/02\\\/1.gif\",\"width\":1911,\"height\":992},{\"@type\":\"BreadcrumbList\",\"@id\":\"https:\\\/\\\/aplimedia.com\\\/tutoriales\\\/varios\\\/calendario-laboral\\\/#breadcrumb\",\"itemListElement\":[{\"@type\":\"ListItem\",\"position\":1,\"name\":\"Tutoriales\",\"item\":\"https:\\\/\\\/aplimedia.com\\\/tutoriales\\\/\"},{\"@type\":\"ListItem\",\"position\":2,\"name\":\"Varios\",\"item\":\"https:\\\/\\\/aplimedia.com\\\/tutoriales\\\/varios\\\/\"},{\"@type\":\"ListItem\",\"position\":3,\"name\":\"Calendario laboral\"}]},{\"@type\":\"WebSite\",\"@id\":\"https:\\\/\\\/aplimedia.com\\\/tutoriales\\\/#website\",\"url\":\"https:\\\/\\\/aplimedia.com\\\/tutoriales\\\/\",\"name\":\"Tutoriales de Secre\",\"description\":\"Tutoriales del software de gesti\u00f3n Secre\",\"publisher\":{\"@id\":\"https:\\\/\\\/aplimedia.com\\\/tutoriales\\\/#organization\"},\"potentialAction\":[{\"@type\":\"SearchAction\",\"target\":{\"@type\":\"EntryPoint\",\"urlTemplate\":\"https:\\\/\\\/aplimedia.com\\\/tutoriales\\\/?s={search_term_string}\"},\"query-input\":{\"@type\":\"PropertyValueSpecification\",\"valueRequired\":true,\"valueName\":\"search_term_string\"}}],\"inLanguage\":\"es\"},{\"@type\":\"Organization\",\"@id\":\"https:\\\/\\\/aplimedia.com\\\/tutoriales\\\/#organization\",\"name\":\"Tutoriales de Secre\",\"url\":\"https:\\\/\\\/aplimedia.com\\\/tutoriales\\\/\",\"logo\":{\"@type\":\"ImageObject\",\"inLanguage\":\"es\",\"@id\":\"https:\\\/\\\/aplimedia.com\\\/tutoriales\\\/#\\\/schema\\\/logo\\\/image\\\/\",\"url\":\"https:\\\/\\\/aplimedia.com\\\/tutoriales\\\/wp-content\\\/uploads\\\/2022\\\/03\\\/cropped-logotipo-aplimedia.png\",\"contentUrl\":\"https:\\\/\\\/aplimedia.com\\\/tutoriales\\\/wp-content\\\/uploads\\\/2022\\\/03\\\/cropped-logotipo-aplimedia.png\",\"width\":2000,\"height\":658,\"caption\":\"Tutoriales de Secre\"},\"image\":{\"@id\":\"https:\\\/\\\/aplimedia.com\\\/tutoriales\\\/#\\\/schema\\\/logo\\\/image\\\/\"}}]}<\/script>\n<!-- \/ Yoast SEO plugin. -->","yoast_head_json":{"title":"Calendario laboral | Tutoriales de Secre","robots":{"index":"index","follow":"follow","max-snippet":"max-snippet:-1","max-image-preview":"max-image-preview:large","max-video-preview":"max-video-preview:-1"},"canonical":"https:\/\/aplimedia.com\/tutoriales\/varios\/calendario-laboral\/","og_locale":"es_ES","og_type":"article","og_title":"Calendario laboral | Tutoriales de Secre","og_description":"Secre te permite crear calendarios laboral y asign\u00e1rselos a tus empleados. Podr\u00e1s ir marcando posteriormente sus d\u00edas de vacaciones para llevar un control y tambi\u00e9n imprimirlo o enviarlo para entreg\u00e1rselo. Crear un calendario tipo: El primer paso es crear un calendario tipo que luego asignaremos a todos los trabajadores.\u00a0 Para hacerlo, desde la pantalla principal [&hellip;]","og_url":"https:\/\/aplimedia.com\/tutoriales\/varios\/calendario-laboral\/","og_site_name":"Tutoriales de Secre","article_modified_time":"2025-10-30T14:13:10+00:00","og_image":[{"width":1911,"height":992,"url":"https:\/\/aplimedia.com\/tutoriales\/wp-content\/uploads\/2023\/02\/1.gif","type":"image\/gif"}],"twitter_card":"summary_large_image","twitter_misc":{"Tiempo de lectura":"6 minutos"},"schema":{"@context":"https:\/\/schema.org","@graph":[{"@type":"WebPage","@id":"https:\/\/aplimedia.com\/tutoriales\/varios\/calendario-laboral\/","url":"https:\/\/aplimedia.com\/tutoriales\/varios\/calendario-laboral\/","name":"Calendario laboral | Tutoriales de Secre","isPartOf":{"@id":"https:\/\/aplimedia.com\/tutoriales\/#website"},"primaryImageOfPage":{"@id":"https:\/\/aplimedia.com\/tutoriales\/varios\/calendario-laboral\/#primaryimage"},"image":{"@id":"https:\/\/aplimedia.com\/tutoriales\/varios\/calendario-laboral\/#primaryimage"},"thumbnailUrl":"https:\/\/aplimedia.com\/tutoriales\/wp-content\/uploads\/2023\/02\/1.gif","datePublished":"2019-04-30T15:43:04+00:00","dateModified":"2025-10-30T14:13:10+00:00","breadcrumb":{"@id":"https:\/\/aplimedia.com\/tutoriales\/varios\/calendario-laboral\/#breadcrumb"},"inLanguage":"es","potentialAction":[{"@type":"ReadAction","target":["https:\/\/aplimedia.com\/tutoriales\/varios\/calendario-laboral\/"]}]},{"@type":"ImageObject","inLanguage":"es","@id":"https:\/\/aplimedia.com\/tutoriales\/varios\/calendario-laboral\/#primaryimage","url":"https:\/\/aplimedia.com\/tutoriales\/wp-content\/uploads\/2023\/02\/1.gif","contentUrl":"https:\/\/aplimedia.com\/tutoriales\/wp-content\/uploads\/2023\/02\/1.gif","width":1911,"height":992},{"@type":"BreadcrumbList","@id":"https:\/\/aplimedia.com\/tutoriales\/varios\/calendario-laboral\/#breadcrumb","itemListElement":[{"@type":"ListItem","position":1,"name":"Tutoriales","item":"https:\/\/aplimedia.com\/tutoriales\/"},{"@type":"ListItem","position":2,"name":"Varios","item":"https:\/\/aplimedia.com\/tutoriales\/varios\/"},{"@type":"ListItem","position":3,"name":"Calendario laboral"}]},{"@type":"WebSite","@id":"https:\/\/aplimedia.com\/tutoriales\/#website","url":"https:\/\/aplimedia.com\/tutoriales\/","name":"Tutoriales de Secre","description":"Tutoriales del software de gesti\u00f3n Secre","publisher":{"@id":"https:\/\/aplimedia.com\/tutoriales\/#organization"},"potentialAction":[{"@type":"SearchAction","target":{"@type":"EntryPoint","urlTemplate":"https:\/\/aplimedia.com\/tutoriales\/?s={search_term_string}"},"query-input":{"@type":"PropertyValueSpecification","valueRequired":true,"valueName":"search_term_string"}}],"inLanguage":"es"},{"@type":"Organization","@id":"https:\/\/aplimedia.com\/tutoriales\/#organization","name":"Tutoriales de Secre","url":"https:\/\/aplimedia.com\/tutoriales\/","logo":{"@type":"ImageObject","inLanguage":"es","@id":"https:\/\/aplimedia.com\/tutoriales\/#\/schema\/logo\/image\/","url":"https:\/\/aplimedia.com\/tutoriales\/wp-content\/uploads\/2022\/03\/cropped-logotipo-aplimedia.png","contentUrl":"https:\/\/aplimedia.com\/tutoriales\/wp-content\/uploads\/2022\/03\/cropped-logotipo-aplimedia.png","width":2000,"height":658,"caption":"Tutoriales de Secre"},"image":{"@id":"https:\/\/aplimedia.com\/tutoriales\/#\/schema\/logo\/image\/"}}]}},"_links":{"self":[{"href":"https:\/\/aplimedia.com\/tutoriales\/wp-json\/wp\/v2\/pages\/3263","targetHints":{"allow":["GET"]}}],"collection":[{"href":"https:\/\/aplimedia.com\/tutoriales\/wp-json\/wp\/v2\/pages"}],"about":[{"href":"https:\/\/aplimedia.com\/tutoriales\/wp-json\/wp\/v2\/types\/page"}],"author":[{"embeddable":true,"href":"https:\/\/aplimedia.com\/tutoriales\/wp-json\/wp\/v2\/users\/1"}],"replies":[{"embeddable":true,"href":"https:\/\/aplimedia.com\/tutoriales\/wp-json\/wp\/v2\/comments?post=3263"}],"version-history":[{"count":3,"href":"https:\/\/aplimedia.com\/tutoriales\/wp-json\/wp\/v2\/pages\/3263\/revisions"}],"predecessor-version":[{"id":9924,"href":"https:\/\/aplimedia.com\/tutoriales\/wp-json\/wp\/v2\/pages\/3263\/revisions\/9924"}],"up":[{"embeddable":true,"href":"https:\/\/aplimedia.com\/tutoriales\/wp-json\/wp\/v2\/pages\/1189"}],"wp:attachment":[{"href":"https:\/\/aplimedia.com\/tutoriales\/wp-json\/wp\/v2\/media?parent=3263"}],"curies":[{"name":"wp","href":"https:\/\/api.w.org\/{rel}","templated":true}]}}